{"id":6554,"date":"2021-05-17T10:43:09","date_gmt":"2021-05-17T08:43:09","guid":{"rendered":"https:\/\/www.b-ar.eu\/?page_id=6554"},"modified":"2021-05-17T10:43:09","modified_gmt":"2021-05-17T08:43:09","slug":"politica-de-privacitat","status":"publish","type":"page","link":"https:\/\/www.b-ar.eu\/index.php\/politica-de-privacitat\/","title":{"rendered":"Pol\u00edtica de privacitat"},"content":{"rendered":"<p>BAR Arquitectura i Disseny t&#8217;informa sobre la seva Pol\u00edtica de Privacitat respecte del tractament i protecci\u00f3 de les dades de car\u00e0cter personal dels usuaris i clients que puguin ser recollides per la navegaci\u00f3 o contractaci\u00f3 de serveis a trav\u00e9s de el lloc web <a href=\"http:\/\/www.b-ar.eu\">www.b-ar.eu<\/a><\/p>\n<p>En aquest sentit, el titular garanteix el compliment de la normativa vigent en mat\u00e8ria de protecci\u00f3 de dades personals, reflectida en la Llei Org\u00e0nica 3\/2018, de 5 de desembre, de Protecci\u00f3 de Dades Personals i de Garantia de Drets Digitals (LOPD GDD) . Compleix tamb\u00e9 amb el Reglament (UE) 2016\/679 de el Parlament Europeu i de Consell de 27 d&#8217;abril de 2016 relatiu a la protecci\u00f3 de les persones f\u00edsiques (RGPD).<\/p>\n<p>L&#8217;\u00fas de lloc web implica l&#8217;acceptaci\u00f3 d&#8217;aquesta Pol\u00edtica de Privacitat aix\u00ed com les condicions incloses en l&#8217;Av\u00eds Legal.<\/p>\n<h4>Identitat del responsable<\/h4>\n<ul>\n<li>Titular: BAR 1987 ARQUITECTURA I DISSENY SL<\/li>\n<li>Sector: Actividades profesionales, cient\u00edficas y t\u00e9cnicas<\/li>\n<li>NIF\/CIF: B66475542<\/li>\n<li>Domicili: Carrer de Pallars 99, 08028 Barcelona, Espa\u00f1a<\/li>\n<li>Correu electr\u00f2nic: estudi@b-ar.eu<\/li>\n<li>Lloc Web: www.b-ar.eu<\/li>\n<\/ul>\n<h4>Principis aplicats en el tractament de dades<\/h4>\n<p>En el tractament de les teves dades personals, el titular ha d&#8217;aplicar els seg\u00fcents principis que s&#8217;ajusten a les exig\u00e8ncies de el nou reglament europeu de protecci\u00f3 de dades:<\/p>\n<ul>\n<li><strong>Principi de licitud, lleialtat i transpar\u00e8ncia:<\/strong>\u00a0El Titular sempre requerir\u00e0 el consentiment per al tractament de les teves dades personals que pot ser per a un o diversos fins espec\u00edfics sobre els quals t&#8217;informar\u00e0 pr\u00e8viament amb absoluta transpar\u00e8ncia.<\/li>\n<li><strong>Principi de minimitzaci\u00f3 de dades:<\/strong>\u00a0El titular et sol\u00b7licitar\u00e0 nom\u00e9s les dades estrictament necess\u00e0ries per a la finalitat o les finalitats que els sol\u00b7licita.<\/li>\n<li><strong>Principi de limitaci\u00f3 del termini de conservaci\u00f3:<\/strong>\u00a0Les dades es mantindran durant el temps estrictament necessari per al cap o els caps de el tractament.<br \/>\nEl Titular t&#8217;informar\u00e0 de el termini de conservaci\u00f3 corresponent segons la finalitat. En el cas de subscripcions, el Titular revisar\u00e0 peri\u00f2dicament les llistes i eliminar\u00e0 aquells registres inactius durant un temps considerable.<\/li>\n<li><strong>Principi d&#8217;integritat i confidencialitat:<\/strong>\u00a0Les teves dades seran tractades de tal manera que la seva seguretat, confidencialitat i integritat estigui garantida. Has de saber que el Titular pren les precaucions necess\u00e0ries per evitar l&#8217;acc\u00e9s no autoritzat o \u00fas indegut de les dades dels seus usuaris per part de tercers.<\/li>\n<\/ul>\n<h4>Obtenci\u00f3 de dades personals<\/h4>\n<p>Per navegar per <a href=\"http:\/\/www.b-ar.eu\">www.b-ar.eu<\/a> no cal que facilitis cap dada personal. Els casos en qu\u00e8 s\u00ed proporciones les teves dades personals s\u00f3n els seg\u00fcents:<\/p>\n<ul>\n<li>Al contactar a trav\u00e9s dels formularis de contacte o enviar un correu electr\u00f2nic.<\/li>\n<li>Al realitzar un comentari en un article o p\u00e0gina.<\/li>\n<\/ul>\n<h4>Els teus drets<\/h4>\n<p>El Titular t&#8217;informa que sobre les teves dades personals tens dret a:<\/p>\n<ul>\n<li>Sol\u00b7licitar l&#8217;acc\u00e9s a les dades emmagatzemades.<\/li>\n<li>Demana una rectificaci\u00f3 o la cancel\u00b7laci\u00f3.<\/li>\n<li>Sol\u00b7licitar la limitaci\u00f3 del seu tractament.<\/li>\n<li>Oposar-te al tractament.<\/li>\n<li>Sol\u00b7licitar la portabilitat de les teves dades.<\/li>\n<\/ul>\n<p>L&#8217;exercici d&#8217;aquests drets \u00e9s personal i per tant ha de ser exercit directament per l&#8217;interessat, sol\u00b7licitant-lo directament a la persona titular, el que significa que qualsevol client, subscriptor o col\u00b7laborador que hagi facilitat les seves dades en algun moment pot dirigir-se al Titular i demanar informaci\u00f3 sobre els dades que t\u00e9 emmagatzemades i com els ha obtingut, sol\u00b7licitar la rectificaci\u00f3 dels mateixos, sol\u00b7licitar la portabilitat de les seves dades personals, oposar-se a el tractament, limitar el seu \u00fas o sol\u00b7licitar la cancel\u00b7laci\u00f3 d&#8217;aquestes dades en els fitxers del Titular.<\/p>\n<p>Per exercitar els teus drets d&#8217;acc\u00e9s, rectificaci\u00f3, cancel\u00b7laci\u00f3, portabilitat i oposici\u00f3 has d&#8217;enviar un correu electr\u00f2nic a estudi@b-ar.eu juntament amb la prova v\u00e0lida en dret com una fotoc\u00f2pia del D.N.I. o equivalent.<\/p>\n<p>Tens dret a la tutela judicial efectiva i a presentar una reclamaci\u00f3 davant l&#8217;autoritat de control, en aquest cas, l&#8217;Ag\u00e8ncia Espanyola de Protecci\u00f3 de Dades, si consideres que el tractament de dades personals que et concerneixen infringeix el Reglament.<\/p>\n<h4>Finalitat de el tractament de dades personals<\/h4>\n<p>Quan et connectes a el lloc web per enviar un correu a la persona titular, et subscrius al seu butllet\u00ed o realitzes una contractaci\u00f3, est\u00e0s facilitant informaci\u00f3 de car\u00e0cter personal de la qual el responsable \u00e9s el titular. Aquesta informaci\u00f3 pot incloure dades de car\u00e0cter personal com poden ser la teva adre\u00e7a IP, nom i cognoms, adre\u00e7a f\u00edsica, adre\u00e7a de correu electr\u00f2nic, n\u00famero de tel\u00e8fon, i una altra informaci\u00f3. Al facilitar aquesta informaci\u00f3, d\u00f3nes el teu consentiment perqu\u00e8 la teva informaci\u00f3 sigui recopilada, utilitzada, gestionada i emmagatzemada per b-ar.eu, nom\u00e9s com es descriu en l&#8217;Av\u00eds Legal i en la present Pol\u00edtica de Privacitat.<\/p>\n<p>Les dades personals i la finalitat del tractament per part del Titular \u00e9s diferent segons el sistema de captura d&#8217;informaci\u00f3:<\/p>\n<ul>\n<li><strong>Formularis de contacte:<\/strong>\u00a0El Titular sol\u00b7licita dades personals entre els quals poden estar: Nom i cognoms, adre\u00e7a de correu electr\u00f2nic, n\u00famero de tel\u00e8fon i adre\u00e7a del teu lloc web amb la finalitat de respondre a les teves consultes.<br \/>\nPer exemple, el Titular utilitza aquestes dades per donar resposta a les teves missatges, dubtes, queixes, comentaris o inquietuds que puguis tenir relatives a la informaci\u00f3 inclosa en el lloc web, els serveis que es presten a trav\u00e9s de el lloc web, el tractament de les teves dades personals, q\u00fcestions referents als textos legals inclosos en el lloc web, aix\u00ed com qualsevol altra consulta que puguis tenir i que no estigui subjecta a les condicions de el lloc web o de la contractaci\u00f3.<\/li>\n<\/ul>\n<p>Existeixen altres finalitats per les quals el titular tracta les dades personals:<\/p>\n<ul>\n<li>Per garantir el compliment de les condicions recollides en l&#8217;Av\u00eds Legal i en la llei aplicable. Aix\u00f2 pot incloure el desenvolupament d&#8217;eines i algoritmes que ajudin a aquest lloc web a garantir la confidencialitat de les dades personals que recull.<\/li>\n<li>Per donar suport i millorar els serveis que ofereix aquest lloc web.<\/li>\n<li>Per analitzar la navegaci\u00f3. El Titular recull altres dades no identificatives que s&#8217;obtenen mitjan\u00e7ant l&#8217;\u00fas de cookies que es descarreguen en el teu ordinador quan navegues pel lloc web que les seves caracter\u00edsitiques i finalitat estan detallades en la Pol\u00edtica de Cookies.<\/li>\n<\/ul>\n<h4>Seguretat de les dades personals<\/h4>\n<p>Per protegir les teves dades personals, el Titular pren totes les precaucions raonables i segueix les millors pr\u00e0ctiques de la ind\u00fastria per evitar la seva p\u00e8rdua, mal \u00fas, acc\u00e9s indegut, divulgaci\u00f3, alteraci\u00f3 o destrucci\u00f3 dels mateixos.<\/p>\n<p>El lloc web est\u00e0 allotjat en <a href=\"http:\/\/www.arsys.es\">www.arsys.es<\/a>. La seguretat de les teves dades est\u00e0 garantida, ja que prenen totes les mesures de seguretat necess\u00e0ries per a aix\u00f2. Pots consultar la seva pol\u00edtica de privacitat per tenir m\u00e9s informaci\u00f3.<\/p>\n<h4>Contingut d&#8217;altres llocs web<\/h4>\n<p>Les p\u00e0gines d&#8217;aquest lloc web poden incloure contingut incrustat (per exemple, v\u00eddeos, imatges, articles, etc.). El contingut incrustat d&#8217;altres web es comporta exactament de la mateixa manera que si haguessis visitat l&#8217;altra web.<\/p>\n<p>Aquests llocs web poden recopilar dades sobre tu, utilitzar cookies, incrustar un codi de seguiment addicional de tercers, i supervisar la teva interacci\u00f3 usant aquest codi.<\/p>\n<h4>Pol\u00edtica de Cookies<\/h4>\n<p>Perqu\u00e8 aquest lloc web funcioni correctament necessita utilitzar cookies, que \u00e9s una informaci\u00f3 que s&#8217;emmagatzema al navegador web.<\/p>\n<p>A la p\u00e0gina Pol\u00edtica de Cookies pots consultar tota la informaci\u00f3 relativa a la pol\u00edtica de recollida, la finalitat i el tractament de les cookies.<\/p>\n<h4>Legitimaci\u00f3 per al tractament de dades<\/h4>\n<p>La base legal per al tractament de les teves dades \u00e9s: el consentiment.<\/p>\n<p>Per contactar amb el Titular, subscriure a un butllet\u00ed o fer comentaris en aquest lloc web has d&#8217;acceptar la present pol\u00edtica de privacitat.<\/p>\n<h4>Categories de dades personals<\/h4>\n<p>Les categories de dades personals que tracta el titular s\u00f3n:<\/p>\n<ul>\n<li>Dades identificatives.<\/li>\n<\/ul>\n<h4>Conservaci\u00f3 de dades personals<\/h4>\n<p>Les dades personals que proporcions al Titular es conservaran fins que sol\u00b7licitis la seva supressi\u00f3.<\/p>\n<h4>Destinataris de dades personals<\/h4>\n<ul>\n<li><strong>Google Analytics<\/strong>\u00a0\u00e9s un servei d&#8217;anal\u00edtica web prestat per Google, Inc., una companyia de Delaware l&#8217;oficina principal a 1600 Amphitheatre Parkway, Mountain View (Calif\u00f2rnia), CA 94043, Estats Units ( \u00abGoogle\u00bb). Trobar\u00e0s m\u00e9s informaci\u00f3 a:\u00a0<a href=\"https:\/\/analytics.google.com\/\">https:\/\/analytics.google.com<\/a><br \/>\nGoogle Analytics utilitza \u00abcookies\u00bb, que s\u00f3n arxius de text ubicats al teu ordinador, per ajudar al Titular a analitzar l&#8217;\u00fas que fan els usuaris de la p\u00e0gina web. La informaci\u00f3 que genera la cookie sobre el l&#8217;\u00fas de el lloc web (incloent la seva adre\u00e7a IP) ser\u00e0 directament transmesa i arxivada per Google en els servidors dels Estats Units.<\/li>\n<\/ul>\n<p>Tamb\u00e9 pots veure una llista dels tipus de cookies que utilitza Google i els seus col\u00b7laboradors i tota la informaci\u00f3 relativa a l&#8217;\u00fas que fan de cookies publicit\u00e0ries.<\/p>\n<h4>Navegaci\u00f3 Web<\/h4>\n<p>Al navegar per www.b-ar.eu es poden recollir dades no identificatives, que poden incloure, l&#8217;adre\u00e7a IP, geolocalitzaci\u00f3, un registre de com s&#8217;utilitzen els serveis i llocs, h\u00e0bits de navegaci\u00f3 i altres dades que no poden ser utilitzats per a identificar-te.<\/p>\n<p>El lloc web utilitza els seg\u00fcents serveis d&#8217;an\u00e0lisi de tercers:<\/p>\n<ul>\n<li>Google Analytics<\/li>\n<\/ul>\n<p>El Titular utilitza la informaci\u00f3 obtinguda per obtenir dades estad\u00edstiques, analitzar tend\u00e8ncies, administrar el lloc, estudiar patrons de navegaci\u00f3 i per recopilar informaci\u00f3 demogr\u00e0fica.<\/p>\n<h4>Exactitud i veracitat de les dades personals<\/h4>\n<p>Et compromets a que les dades facilitades al Titular siguin correctes, complets, exactes i vigents, aix\u00ed com a mantenir-les degudament actualitzades.<\/p>\n<p>Com Usuari de el lloc web ets l&#8217;\u00fanic responsable de la veracitat i correcci\u00f3 de les dades que facis arribar a el lloc exonerant al Titular de qualsevol responsabilitat al respecte.<\/p>\n<h4>Acceptaci\u00f3 i consentiment<\/h4>\n<p>Com Usuari de el lloc web declares haver estat informat de les condicions sobre protecci\u00f3 de dades de car\u00e0cter personal, acceptes i consenteixes el tractament dels mateixos per part del Titular en la forma i per a les finalitats indicades en aquesta Pol\u00edtica de Privacitat.<\/p>\n<h4>Revocabilitat<\/h4>\n<p>Per exercitar els teus drets d&#8217;acc\u00e9s, rectificaci\u00f3, cancel\u00b7laci\u00f3, portabilitat i oposici\u00f3 has d&#8217;enviar un correu electr\u00f2nic a estudi@b-ar.eu juntament amb la prova v\u00e0lida en dret com una fotoc\u00f2pia del D.N.I. o equivalent.<\/p>\n<p>L&#8217;exercici dels teus drets no inclou cap dada que el Titular estigui obligat a conservar amb fins administratius, legals o de seguretat.<\/p>\n<h4>Canvis en la Pol\u00edtica de Privacitat<\/h4>\n<p>El Titular es reserva el dret a modificar la present Pol\u00edtica de Privacitat per adaptar-la a novetats legislatives o jurisprudencials, aix\u00ed com a pr\u00e0ctiques de la ind\u00fastria.<\/p>\n<p>Aquestes pol\u00edtiques estaran vigents fins que siguin modificades per altres degudament publicades.<\/p>\n","protected":false},"excerpt":{"rendered":"<p>BAR Arquitectura i Disseny t&#8217;informa sobre la seva Pol\u00edtica de Privacitat respecte del tractament i protecci\u00f3 de les dades de car\u00e0cter personal dels usuaris i clients que puguin ser recollides per la navegaci\u00f3 o contractaci\u00f3 de serveis a trav\u00e9s de [&hellip;]<\/p>\n","protected":false},"author":1,"featured_media":0,"parent":0,"menu_order":0,"comment_status":"closed","ping_status":"closed","template":"","meta":{"footnotes":""},"yoast_head":"<!-- This site is optimized with the Yoast SEO plugin v22.4 - https:\/\/yoast.com\/wordpress\/plugins\/seo\/ -->\n<title>Pol\u00edtica de privacitat - bAR<\/title>\n<meta name=\"robots\" content=\"index, follow, max-snippet:-1, max-image-preview:large, max-video-preview:-1\" \/>\n<link rel=\"canonical\" href=\"https:\/\/www.b-ar.eu\/index.php\/politica-de-privacitat\/\" \/>\n<meta property=\"og:locale\" content=\"es_ES\" \/>\n<meta property=\"og:type\" content=\"article\" \/>\n<meta property=\"og:title\" content=\"Pol\u00edtica de privacitat - bAR\" \/>\n<meta property=\"og:description\" content=\"BAR Arquitectura i Disseny t&#8217;informa sobre la seva Pol\u00edtica de Privacitat respecte del tractament i protecci\u00f3 de les dades de car\u00e0cter personal dels usuaris i clients que puguin ser recollides per la navegaci\u00f3 o contractaci\u00f3 de serveis a trav\u00e9s de [&hellip;]\" \/>\n<meta property=\"og:url\" content=\"https:\/\/www.b-ar.eu\/index.php\/politica-de-privacitat\/\" \/>\n<meta property=\"og:site_name\" content=\"bAR\" \/>\n<meta name=\"twitter:card\" content=\"summary_large_image\" \/>\n<meta name=\"twitter:label1\" content=\"Tiempo de lectura\" \/>\n\t<meta name=\"twitter:data1\" content=\"9 minutos\" \/>\n<script type=\"application\/ld+json\" class=\"yoast-schema-graph\">{\"@context\":\"https:\/\/schema.org\",\"@graph\":[{\"@type\":\"WebPage\",\"@id\":\"https:\/\/www.b-ar.eu\/index.php\/politica-de-privacitat\/\",\"url\":\"https:\/\/www.b-ar.eu\/index.php\/politica-de-privacitat\/\",\"name\":\"Pol\u00edtica de privacitat - bAR\",\"isPartOf\":{\"@id\":\"https:\/\/www.b-ar.eu\/#website\"},\"datePublished\":\"2021-05-17T08:43:09+00:00\",\"dateModified\":\"2021-05-17T08:43:09+00:00\",\"breadcrumb\":{\"@id\":\"https:\/\/www.b-ar.eu\/index.php\/politica-de-privacitat\/#breadcrumb\"},\"inLanguage\":\"es\",\"potentialAction\":[{\"@type\":\"ReadAction\",\"target\":[\"https:\/\/www.b-ar.eu\/index.php\/politica-de-privacitat\/\"]}]},{\"@type\":\"BreadcrumbList\",\"@id\":\"https:\/\/www.b-ar.eu\/index.php\/politica-de-privacitat\/#breadcrumb\",\"itemListElement\":[{\"@type\":\"ListItem\",\"position\":1,\"name\":\"Home\",\"item\":\"https:\/\/www.b-ar.eu\/\"},{\"@type\":\"ListItem\",\"position\":2,\"name\":\"Pol\u00edtica de privacitat\"}]},{\"@type\":\"WebSite\",\"@id\":\"https:\/\/www.b-ar.eu\/#website\",\"url\":\"https:\/\/www.b-ar.eu\/\",\"name\":\"bAR\",\"description\":\"Arquitectura i Disseny\",\"potentialAction\":[{\"@type\":\"SearchAction\",\"target\":{\"@type\":\"EntryPoint\",\"urlTemplate\":\"https:\/\/www.b-ar.eu\/?s={search_term_string}\"},\"query-input\":\"required name=search_term_string\"}],\"inLanguage\":\"es\"}]}<\/script>\n<!-- \/ Yoast SEO plugin. -->","yoast_head_json":{"title":"Pol\u00edtica de privacitat - bAR","robots":{"index":"index","follow":"follow","max-snippet":"max-snippet:-1","max-image-preview":"max-image-preview:large","max-video-preview":"max-video-preview:-1"},"canonical":"https:\/\/www.b-ar.eu\/index.php\/politica-de-privacitat\/","og_locale":"es_ES","og_type":"article","og_title":"Pol\u00edtica de privacitat - bAR","og_description":"BAR Arquitectura i Disseny t&#8217;informa sobre la seva Pol\u00edtica de Privacitat respecte del tractament i protecci\u00f3 de les dades de car\u00e0cter personal dels usuaris i clients que puguin ser recollides per la navegaci\u00f3 o contractaci\u00f3 de serveis a trav\u00e9s de [&hellip;]","og_url":"https:\/\/www.b-ar.eu\/index.php\/politica-de-privacitat\/","og_site_name":"bAR","twitter_card":"summary_large_image","twitter_misc":{"Tiempo de lectura":"9 minutos"},"schema":{"@context":"https:\/\/schema.org","@graph":[{"@type":"WebPage","@id":"https:\/\/www.b-ar.eu\/index.php\/politica-de-privacitat\/","url":"https:\/\/www.b-ar.eu\/index.php\/politica-de-privacitat\/","name":"Pol\u00edtica de privacitat - bAR","isPartOf":{"@id":"https:\/\/www.b-ar.eu\/#website"},"datePublished":"2021-05-17T08:43:09+00:00","dateModified":"2021-05-17T08:43:09+00:00","breadcrumb":{"@id":"https:\/\/www.b-ar.eu\/index.php\/politica-de-privacitat\/#breadcrumb"},"inLanguage":"es","potentialAction":[{"@type":"ReadAction","target":["https:\/\/www.b-ar.eu\/index.php\/politica-de-privacitat\/"]}]},{"@type":"BreadcrumbList","@id":"https:\/\/www.b-ar.eu\/index.php\/politica-de-privacitat\/#breadcrumb","itemListElement":[{"@type":"ListItem","position":1,"name":"Home","item":"https:\/\/www.b-ar.eu\/"},{"@type":"ListItem","position":2,"name":"Pol\u00edtica de privacitat"}]},{"@type":"WebSite","@id":"https:\/\/www.b-ar.eu\/#website","url":"https:\/\/www.b-ar.eu\/","name":"bAR","description":"Arquitectura i Disseny","potentialAction":[{"@type":"SearchAction","target":{"@type":"EntryPoint","urlTemplate":"https:\/\/www.b-ar.eu\/?s={search_term_string}"},"query-input":"required name=search_term_string"}],"inLanguage":"es"}]}},"_links":{"self":[{"href":"https:\/\/www.b-ar.eu\/index.php\/wp-json\/wp\/v2\/pages\/6554"}],"collection":[{"href":"https:\/\/www.b-ar.eu\/index.php\/wp-json\/wp\/v2\/pages"}],"about":[{"href":"https:\/\/www.b-ar.eu\/index.php\/wp-json\/wp\/v2\/types\/page"}],"author":[{"embeddable":true,"href":"https:\/\/www.b-ar.eu\/index.php\/wp-json\/wp\/v2\/users\/1"}],"replies":[{"embeddable":true,"href":"https:\/\/www.b-ar.eu\/index.php\/wp-json\/wp\/v2\/comments?post=6554"}],"version-history":[{"count":5,"href":"https:\/\/www.b-ar.eu\/index.php\/wp-json\/wp\/v2\/pages\/6554\/revisions"}],"predecessor-version":[{"id":6559,"href":"https:\/\/www.b-ar.eu\/index.php\/wp-json\/wp\/v2\/pages\/6554\/revisions\/6559"}],"wp:attachment":[{"href":"https:\/\/www.b-ar.eu\/index.php\/wp-json\/wp\/v2\/media?parent=6554"}],"curies":[{"name":"wp","href":"https:\/\/api.w.org\/{rel}","templated":true}]}}