{"id":5898,"date":"2020-05-31T12:06:09","date_gmt":"2020-05-31T12:06:09","guid":{"rendered":"http:\/\/www.b-ar.eu\/?page_id=5898"},"modified":"2025-12-22T13:29:02","modified_gmt":"2025-12-22T11:29:02","slug":"home-espanol","status":"publish","type":"page","link":"https:\/\/www.b-ar.eu\/index.php\/es\/home-espanol\/","title":{"rendered":"Home &#8211; Espa\u00f1ol"},"content":{"rendered":"<p>[vc_row][vc_column offset=\u00bbvc_hidden-lg vc_hidden-md\u00bb css=\u00bb.vc_custom_1588439198289{padding-top: 60px !important;padding-bottom: 120px !important;}\u00bb]<div class=\"qodef-elements-holder   qodef-one-column  qodef-responsive-mode-768 \" ><div class=\"qodef-eh-item    \"  data-item-class=\"qodef-eh-custom-2239\" data-1367-1600=\"0px 28% 0 12%\" data-1025-1366=\"0px 24% 0 12%\" data-769-1024=\"0px 10% 0 12%\" data-681-768=\"0px 8% 0 10%\" data-680=\"0px 8% 0 10%\">\n\t<div class=\"qodef-eh-item-inner\">\n\t\t<div class=\"qodef-eh-item-content qodef-eh-custom-2239\" style=\"padding: 0px 43% 0 12%\">\n\t\t\t[vc_column_text]<\/p>\n<h1>Arquitectura, interiorismo y dise\u00f1o industrial.<\/h1>\n<p>[\/vc_column_text]\t\t<\/div>\n\t<\/div>\n<\/div><\/div>[\/vc_column][\/vc_row][vc_row disable_element=\u00bbyes\u00bb row_content_width=\u00bbgrid\u00bb][vc_column offset=\u00bbvc_hidden-sm vc_hidden-xs\u00bb css=\u00bb.vc_custom_1588439216844{padding-top: 60px !important;padding-bottom: 120px !important;}\u00bb]<div class=\"qodef-elements-holder   qodef-one-column  qodef-responsive-mode-768 \" ><div class=\"qodef-eh-item    \"  data-item-class=\"qodef-eh-custom-9971\" data-1367-1600=\"0px 28% 0 12%\" data-1025-1366=\"0px 24% 0 12%\" data-769-1024=\"0px 10% 0 12%\" data-681-768=\"0px 8% 0 10%\" data-680=\"0px 8% 0 10%\">\n\t<div class=\"qodef-eh-item-inner\">\n\t\t<div class=\"qodef-eh-item-content qodef-eh-custom-9971\" style=\"padding: 0px 43% 0 12%\">\n\t\t\t[vc_column_text]<\/p>\n<h2>Arquitectura, interiorismo y dise\u00f1o industrial.<\/h2>\n<p>[\/vc_column_text]\t\t<\/div>\n\t<\/div>\n<\/div><\/div>[\/vc_column][\/vc_row][vc_row][vc_column css=\u00bb.vc_custom_1592925836379{padding-bottom: 120px !important;}\u00bb offset=\u00bbvc_hidden-sm vc_hidden-xs\u00bb]\n\t\t\t<!-- START Home ES REVOLUTION SLIDER 6.5.3 --><p class=\"rs-p-wp-fix\"><\/p>\n\t\t\t<rs-module-wrap id=\"rev_slider_4_1_wrapper\" data-source=\"gallery\" style=\"visibility:hidden;background:transparent;padding:0;margin:0px auto;margin-top:0;margin-bottom:0;\">\n\t\t\t\t<rs-module id=\"rev_slider_4_1\" style=\"\" data-version=\"6.5.3\">\n\t\t\t\t\t<rs-slides>\n\t\t\t\t\t\t<rs-slide data-key=\"rs-7\" data-title=\"Slide\" data-anim=\"ms:4000ms;\" data-in=\"o:0;\" data-out=\"a:false;\">\n\t\t\t\t\t\t\t<img loading=\"lazy\" decoding=\"async\" src=\"\/\/www.b-ar.eu\/wp-content\/plugins\/revslider\/public\/assets\/assets\/dummy.png\" title=\"bAR_P_bw_01\" width=\"1920\" height=\"1080\" class=\"rev-slidebg tp-rs-img rs-lazyload\" data-lazyload=\"\/\/www.b-ar.eu\/wp-content\/uploads\/2020\/07\/bAR_P_bw_01.jpg\" data-no-retina>\n<!--\n\t\t\t\t\t\t\t--><rs-layer\n\t\t\t\t\t\t\t\tid=\"slider-4-slide-7-layer-1\" \n\t\t\t\t\t\t\t\tdata-type=\"text\"\n\t\t\t\t\t\t\t\tdata-color=\"#000000\"\n\t\t\t\t\t\t\t\tdata-tsh=\"c:#ffffff;b:20px;\"\n\t\t\t\t\t\t\t\tdata-rsp_ch=\"on\"\n\t\t\t\t\t\t\t\tdata-xy=\"x:50px;y:150px;\"\n\t\t\t\t\t\t\t\tdata-text=\"w:normal;s:50;l:56;\"\n\t\t\t\t\t\t\t\tdata-frame_1=\"sp:4000;\"\n\t\t\t\t\t\t\t\tdata-frame_999=\"o:0;st:w;sp:4000;\"\n\t\t\t\t\t\t\t\tstyle=\"z-index:9;font-family:Overpass;\"\n\t\t\t\t\t\t\t>Arquitectura, interiorismo <br \/> y dise\u00f1o industrial. \n\t\t\t\t\t\t\t<\/rs-layer><!--\n-->\t\t\t\t\t\t<\/rs-slide>\n\t\t\t\t\t\t<rs-slide data-key=\"rs-8\" data-title=\"Slide\" data-anim=\"ms:4000ms;\" data-in=\"o:0;\" data-out=\"a:false;\">\n\t\t\t\t\t\t\t<img loading=\"lazy\" decoding=\"async\" src=\"\/\/www.b-ar.eu\/wp-content\/plugins\/revslider\/public\/assets\/assets\/dummy.png\" title=\"bAR_P_bw_02\" width=\"1920\" height=\"1080\" class=\"rev-slidebg tp-rs-img rs-lazyload\" data-lazyload=\"\/\/www.b-ar.eu\/wp-content\/uploads\/2020\/07\/bAR_P_bw_02.jpg\" data-no-retina>\n<!--\n\t\t\t\t\t\t\t--><rs-layer\n\t\t\t\t\t\t\t\tid=\"slider-4-slide-8-layer-1\" \n\t\t\t\t\t\t\t\tdata-type=\"text\"\n\t\t\t\t\t\t\t\tdata-color=\"#000000\"\n\t\t\t\t\t\t\t\tdata-tsh=\"c:#ffffff;b:20px;\"\n\t\t\t\t\t\t\t\tdata-rsp_ch=\"on\"\n\t\t\t\t\t\t\t\tdata-xy=\"x:50px;y:150px;\"\n\t\t\t\t\t\t\t\tdata-text=\"w:normal;s:50;l:56;\"\n\t\t\t\t\t\t\t\tdata-frame_1=\"sp:4000;\"\n\t\t\t\t\t\t\t\tdata-frame_999=\"o:0;st:w;sp:4000;sR:5030;\"\n\t\t\t\t\t\t\t\tstyle=\"z-index:6;font-family:Overpass;\"\n\t\t\t\t\t\t\t>Arquitectura, interiorismo <br \/> y dise\u00f1o industrial.<br \/>\n \n\t\t\t\t\t\t\t<\/rs-layer><!--\n-->\t\t\t\t\t\t<\/rs-slide>\n\t\t\t\t\t\t<rs-slide data-key=\"rs-9\" data-title=\"Slide\" data-anim=\"ms:4000ms;\" data-in=\"o:0;\" data-out=\"a:false;\">\n\t\t\t\t\t\t\t<img loading=\"lazy\" decoding=\"async\" src=\"\/\/www.b-ar.eu\/wp-content\/plugins\/revslider\/public\/assets\/assets\/dummy.png\" title=\"bAR_P_bw_03\" width=\"1920\" height=\"1080\" class=\"rev-slidebg tp-rs-img rs-lazyload\" data-lazyload=\"\/\/www.b-ar.eu\/wp-content\/uploads\/2020\/07\/bAR_P_bw_03.jpg\" data-bg=\"p:center top;\" data-no-retina>\n<!--\n\t\t\t\t\t\t\t--><rs-layer\n\t\t\t\t\t\t\t\tid=\"slider-4-slide-9-layer-1\" \n\t\t\t\t\t\t\t\tdata-type=\"text\"\n\t\t\t\t\t\t\t\tdata-color=\"#000000\"\n\t\t\t\t\t\t\t\tdata-tsh=\"c:#ffffff;b:20px;\"\n\t\t\t\t\t\t\t\tdata-rsp_ch=\"on\"\n\t\t\t\t\t\t\t\tdata-xy=\"x:50px;y:150px;\"\n\t\t\t\t\t\t\t\tdata-text=\"w:normal;s:50;l:56;\"\n\t\t\t\t\t\t\t\tdata-frame_1=\"sp:4000;\"\n\t\t\t\t\t\t\t\tdata-frame_999=\"o:0;st:w;sp:4000;sR:5030;\"\n\t\t\t\t\t\t\t\tstyle=\"z-index:6;font-family:Overpass;\"\n\t\t\t\t\t\t\t>Arquitectura, interiorismo <br \/> y dise\u00f1o industrial. \n\t\t\t\t\t\t\t<\/rs-layer><!--\n-->\t\t\t\t\t\t<\/rs-slide>\n\t\t\t\t\t\t<rs-slide data-key=\"rs-10\" data-title=\"Slide\" data-anim=\"ms:4000ms;\" data-in=\"o:0;\" data-out=\"a:false;\">\n\t\t\t\t\t\t\t<img loading=\"lazy\" decoding=\"async\" src=\"\/\/www.b-ar.eu\/wp-content\/plugins\/revslider\/public\/assets\/assets\/dummy.png\" title=\"bAR_P_bw_04-2\" width=\"1920\" height=\"1080\" class=\"rev-slidebg tp-rs-img rs-lazyload\" data-lazyload=\"\/\/www.b-ar.eu\/wp-content\/uploads\/2022\/07\/bAR_P_bw_04-2.jpg\" data-no-retina>\n<!--\n\t\t\t\t\t\t\t--><rs-layer\n\t\t\t\t\t\t\t\tid=\"slider-4-slide-10-layer-1\" \n\t\t\t\t\t\t\t\tdata-type=\"text\"\n\t\t\t\t\t\t\t\tdata-color=\"#000000\"\n\t\t\t\t\t\t\t\tdata-tsh=\"c:#ffffff;b:20px;\"\n\t\t\t\t\t\t\t\tdata-rsp_ch=\"on\"\n\t\t\t\t\t\t\t\tdata-xy=\"x:50px;y:150px;\"\n\t\t\t\t\t\t\t\tdata-text=\"w:normal;s:50;l:56;\"\n\t\t\t\t\t\t\t\tdata-frame_1=\"e:default;sp:4000;\"\n\t\t\t\t\t\t\t\tdata-frame_999=\"o:0;e:default;st:w;sp:4000;sR:5030;\"\n\t\t\t\t\t\t\t\tstyle=\"z-index:6;font-family:Overpass;\"\n\t\t\t\t\t\t\t>Arquitectura, interiorismo <br \/> y dise\u00f1o industrial. \n\t\t\t\t\t\t\t<\/rs-layer><!--\n-->\t\t\t\t\t\t<\/rs-slide>\n\t\t\t\t\t<\/rs-slides>\n\t\t\t\t<\/rs-module>\n\t\t\t\t<script type=\"text\/javascript\">\n\t\t\t\t\tsetREVStartSize({c: 'rev_slider_4_1',rl:[1240,1024,778,480],el:[614],gw:[1240],gh:[614],type:'standard',justify:'',layout:'fullwidth',mh:\"0\"});\n\t\t\t\t<\/script>\n\t\t\t<\/rs-module-wrap>\n\t\t\t<!-- END REVOLUTION SLIDER -->\n[\/vc_column][\/vc_row][vc_row row_content_width=\u00bbgrid\u00bb anchor=\u00bbbAR\u00bb][vc_column offset=\u00bbvc_hidden-lg vc_hidden-md\u00bb][vc_column_text]<\/p>\n<h3>bAR Arquitectura i Disseny nace en Barcelona en 1987. Es una consultor\u00eda multidisciplinar que ofrece servicios integrales especializados en los campos de la arquitectura, el interiorismo y el dise\u00f1o industrial. Destacamos por la combinaci\u00f3n de innovaci\u00f3n, sostenibilidad y fiabilidad, con la voluntad de colaborar con nuestros clientes a crear entornos de trabajo y de vida c\u00f3modos, de calidad, seguros y sostenibles.<\/h3>\n<p>[\/vc_column_text][vc_column_text]<\/p>\n<h3>bAR Arquitectura i Disseny responde a los retos con rigor y compromiso. Su estructura multidisciplinar flexible resuelve con experiencia y creatividad proyectos de peque\u00f1o y gran formato, dando soluciones personalizadas y hasta el detalle para cada tipo de proyecto.<\/h3>\n<p>[\/vc_column_text][vc_empty_space][\/vc_column][\/vc_row][vc_row css=\u00bb.vc_custom_1593783595923{padding-bottom: 120px !important;}\u00bb anchor=\u00bbbAR\u00bb][vc_column offset=\u00bbvc_col-lg-12 vc_col-md-12 vc_hidden-sm vc_hidden-xs\u00bb css=\u00bb.vc_custom_1590923423106{padding-right: 0px !important;padding-left: 0px !important;}\u00bb]<div class=\"qodef-elements-holder   qodef-two-columns  qodef-responsive-mode-1024 \" ><div class=\"qodef-eh-item    \"  data-item-class=\"qodef-eh-custom-6723\" data-1367-1600=\"16% 12% 16.5% 27%\" data-1025-1366=\"12% 9% 12.8% 23%\" data-769-1024=\"0 23% 80px 23%\" data-681-768=\"0 19% 80px 19%\" data-680=\"0 10% 80px 10%\">\n\t<div class=\"qodef-eh-item-inner\">\n\t\t<div class=\"qodef-eh-item-content qodef-eh-custom-6723\" style=\"padding: 16% 13% 16.7% 40%\">\n\t\t\t[vc_column_text]<\/p>\n<h3>bAR Arquitectura i Disseny nace en Barcelona en 1987. Es una consultor\u00eda multidisciplinar que ofrece servicios integrales especializados en los campos de la arquitectura, el interiorismo y el dise\u00f1o industrial. Destacamos por la combinaci\u00f3n de innovaci\u00f3n, sostenibilidad y fiabilidad, con la voluntad de colaborar con nuestros clientes a crear entornos de trabajo y de vida c\u00f3modos, de calidad, seguros y sostenibles.<\/h3>\n<p>[\/vc_column_text][vc_empty_space height=\u00bb18px\u00bb][vc_column_text]<\/p>\n<h3>bAR Arquitectura i Disseny responde a los retos con rigor y compromiso. Su estructura multidisciplinar flexible resuelve con experiencia y creatividad proyectos de peque\u00f1o y gran formato, dando soluciones personalizadas y hasta el detalle para cada tipo de proyecto.<\/h3>\n<p>[\/vc_column_text][vc_empty_space]\t\t<\/div>\n\t<\/div>\n<\/div><div class=\"qodef-eh-item    \" style=\"background-image: url()\" data-item-class=\"qodef-eh-custom-9971\" data-769-1024=\"32% 0\" data-681-768=\"40% 0\" data-680=\"50% 0\">\n\t<div class=\"qodef-eh-item-inner\">\n\t\t<div class=\"qodef-eh-item-content qodef-eh-custom-9971\" >\n\t\t\t[vc_single_image image=\u00bb6873&#8243; img_size=\u00bbfull\u00bb]\t\t<\/div>\n\t<\/div>\n<\/div><\/div>[\/vc_column][\/vc_row][vc_row content_text_aligment=\u00bbcenter\u00bb css=\u00bb.vc_custom_1593690694576{padding-top: 120px !important;padding-bottom: 120px !important;background-color: #f6f6f6 !important;}\u00bb anchor=\u00bbequipo\u00bb][vc_column][vc_row_inner row_content_width=\u00bbgrid\u00bb][vc_column_inner]<div class=\"qodef-section-title-holder  qodef-st-standard qodef-st-title-left qodef-st-normal-space \" >\n\t<div class=\"qodef-st-inner\">\n\t\t\t\t\t\t\t<h2 class=\"qodef-st-title\" >\n\t\t\t\tSelecci\u00f3n de proyectos\t\t\t<\/h2>\n\t\t\t\t\t<\/div>\n<\/div>[vc_empty_space height=\u00bb60px\u00bb]<div class=\"qodef-portfolio-list-holder qodef-grid-list qodef-disable-bottom-space qodef-pl-gallery qodef-three-columns qodef-normal-space qodef-pl-standard-shader    qodef-pl-pag-no-pagination      \"  data-type=gallery data-number-of-columns=three data-space-between-items=normal data-number-of-items=12 data-image-proportions=full data-enable-fixed-proportions=no data-enable-image-shadow=no data-orderby=date data-order=DESC data-item-style=standard-shader data-enable-title=yes data-title-tag=h4 data-enable-category=no data-enable-count-images=yes data-enable-excerpt=no data-excerpt-length=20 data-enable-link=no data-enable-additional-info=no data-pagination-type=no-pagination data-filter=no data-filter-count=no data-filter-order-by=name data-enable-article-animation=no data-portfolio-slider-on=no data-enable-fullheight=no data-enable-loop=yes data-enable-mousewheel-scroll=no data-enable-autoplay=yes data-slider-speed=5000 data-slider-speed-animation=600 data-enable-navigation=yes data-enable-pagination=yes data-item-style-justified=standard-shader data-max-num-pages=11 data-next-page=2>\n\t\t<div class=\"qodef-pl-inner qodef-outer-space  clearfix\">\n\t\t<article class=\"qodef-pl-item qodef-item-space  post-7195 portfolio-item type-portfolio-item status-publish has-post-thumbnail hentry portfolio-category-top2 qodef-pi-small-1303\"  data-item-class=\"qodef-pi-small-1303\">\n\t<div class=\"qodef-pl-item-inner\">\n\t\t<div class=\"qodef-pli-image\">\n\t<img loading=\"lazy\" decoding=\"async\" width=\"1920\" height=\"1440\" src=\"https:\/\/www.b-ar.eu\/wp-content\/uploads\/2024\/10\/B488-portada.jpg\" class=\"attachment-full size-full wp-post-image\" alt=\"\" srcset=\"https:\/\/www.b-ar.eu\/wp-content\/uploads\/2024\/10\/B488-portada.jpg 1920w, https:\/\/www.b-ar.eu\/wp-content\/uploads\/2024\/10\/B488-portada-300x225.jpg 300w, https:\/\/www.b-ar.eu\/wp-content\/uploads\/2024\/10\/B488-portada-1024x768.jpg 1024w, https:\/\/www.b-ar.eu\/wp-content\/uploads\/2024\/10\/B488-portada-768x576.jpg 768w, https:\/\/www.b-ar.eu\/wp-content\/uploads\/2024\/10\/B488-portada-1536x1152.jpg 1536w\" sizes=\"(max-width: 1920px) 100vw, 1920px\" \/>    <\/div>\n<div class=\"qodef-pli-text-holder\" >\n\t<div class=\"qodef-pli-text-wrapper\">\n\t\t<div class=\"qodef-pli-text\">\n\t\t\t\t<h4 itemprop=\"name\" class=\"qodef-pli-title entry-title\" >\n\t\t<span>Casa en Girona<\/span>\n\t<\/h4>\n\n\t\t\t\n\t\t\t\n\t\t\t\n                    <\/div>\n\t<\/div>\n<\/div>\n\t\t<a itemprop=\"url\" class=\"qodef-pli-link qodef-block-drag-link\" href=\"https:\/\/www.b-ar.eu\/index.php\/es\/portfolio-item\/casa-en-palau-girona\/\" target=\"_self\"><\/a>\n\t<\/div>\n<\/article><article class=\"qodef-pl-item qodef-item-space  post-7178 portfolio-item type-portfolio-item status-publish has-post-thumbnail hentry portfolio-category-top qodef-pi-small-7267\"  data-item-class=\"qodef-pi-small-7267\">\n\t<div class=\"qodef-pl-item-inner\">\n\t\t<div class=\"qodef-pli-image\">\n\t<img loading=\"lazy\" decoding=\"async\" width=\"1920\" height=\"1440\" src=\"https:\/\/www.b-ar.eu\/wp-content\/uploads\/2024\/10\/B488-portada.jpg\" class=\"attachment-full size-full wp-post-image\" alt=\"\" srcset=\"https:\/\/www.b-ar.eu\/wp-content\/uploads\/2024\/10\/B488-portada.jpg 1920w, https:\/\/www.b-ar.eu\/wp-content\/uploads\/2024\/10\/B488-portada-300x225.jpg 300w, https:\/\/www.b-ar.eu\/wp-content\/uploads\/2024\/10\/B488-portada-1024x768.jpg 1024w, https:\/\/www.b-ar.eu\/wp-content\/uploads\/2024\/10\/B488-portada-768x576.jpg 768w, https:\/\/www.b-ar.eu\/wp-content\/uploads\/2024\/10\/B488-portada-1536x1152.jpg 1536w\" sizes=\"(max-width: 1920px) 100vw, 1920px\" \/>    <\/div>\n<div class=\"qodef-pli-text-holder\" >\n\t<div class=\"qodef-pli-text-wrapper\">\n\t\t<div class=\"qodef-pli-text\">\n\t\t\t\t<h4 itemprop=\"name\" class=\"qodef-pli-title entry-title\" >\n\t\t<span>Casa a Girona<\/span>\n\t<\/h4>\n\n\t\t\t\n\t\t\t\n\t\t\t\n                    <\/div>\n\t<\/div>\n<\/div>\n\t\t<a itemprop=\"url\" class=\"qodef-pli-link qodef-block-drag-link\" href=\"https:\/\/www.b-ar.eu\/index.php\/portfolio-item\/casa-a-palau-girona\/\" target=\"_self\"><\/a>\n\t<\/div>\n<\/article><article class=\"qodef-pl-item qodef-item-space  post-7196 portfolio-item type-portfolio-item status-publish has-post-thumbnail hentry portfolio-category-top3 qodef-pi-small-7252\"  data-item-class=\"qodef-pi-small-7252\">\n\t<div class=\"qodef-pl-item-inner\">\n\t\t<div class=\"qodef-pli-image\">\n\t<img loading=\"lazy\" decoding=\"async\" width=\"1920\" height=\"1440\" src=\"https:\/\/www.b-ar.eu\/wp-content\/uploads\/2024\/10\/B488-portada.jpg\" class=\"attachment-full size-full wp-post-image\" alt=\"\" srcset=\"https:\/\/www.b-ar.eu\/wp-content\/uploads\/2024\/10\/B488-portada.jpg 1920w, https:\/\/www.b-ar.eu\/wp-content\/uploads\/2024\/10\/B488-portada-300x225.jpg 300w, https:\/\/www.b-ar.eu\/wp-content\/uploads\/2024\/10\/B488-portada-1024x768.jpg 1024w, https:\/\/www.b-ar.eu\/wp-content\/uploads\/2024\/10\/B488-portada-768x576.jpg 768w, https:\/\/www.b-ar.eu\/wp-content\/uploads\/2024\/10\/B488-portada-1536x1152.jpg 1536w\" sizes=\"(max-width: 1920px) 100vw, 1920px\" \/>    <\/div>\n<div class=\"qodef-pli-text-holder\" >\n\t<div class=\"qodef-pli-text-wrapper\">\n\t\t<div class=\"qodef-pli-text\">\n\t\t\t\t<h4 itemprop=\"name\" class=\"qodef-pli-title entry-title\" >\n\t\t<span>House in Girona<\/span>\n\t<\/h4>\n\n\t\t\t\n\t\t\t\n\t\t\t\n                    <\/div>\n\t<\/div>\n<\/div>\n\t\t<a itemprop=\"url\" class=\"qodef-pli-link qodef-block-drag-link\" href=\"https:\/\/www.b-ar.eu\/index.php\/en\/portfolio-item\/house-in-palau-girona\/\" target=\"_self\"><\/a>\n\t<\/div>\n<\/article><article class=\"qodef-pl-item qodef-item-space  post-5737 portfolio-item type-portfolio-item status-publish has-post-thumbnail hentry portfolio-category-top3 qodef-pi-small-9811\"  data-item-class=\"qodef-pi-small-9811\">\n\t<div class=\"qodef-pl-item-inner\">\n\t\t<div class=\"qodef-pli-image\">\n\t<img loading=\"lazy\" decoding=\"async\" width=\"1920\" height=\"1440\" src=\"https:\/\/www.b-ar.eu\/wp-content\/uploads\/2023\/07\/PORTADA.jpg\" class=\"attachment-full size-full wp-post-image\" alt=\"\" srcset=\"https:\/\/www.b-ar.eu\/wp-content\/uploads\/2023\/07\/PORTADA.jpg 1920w, https:\/\/www.b-ar.eu\/wp-content\/uploads\/2023\/07\/PORTADA-300x225.jpg 300w, https:\/\/www.b-ar.eu\/wp-content\/uploads\/2023\/07\/PORTADA-1024x768.jpg 1024w, https:\/\/www.b-ar.eu\/wp-content\/uploads\/2023\/07\/PORTADA-768x576.jpg 768w, https:\/\/www.b-ar.eu\/wp-content\/uploads\/2023\/07\/PORTADA-1536x1152.jpg 1536w\" sizes=\"(max-width: 1920px) 100vw, 1920px\" \/>    <\/div>\n<div class=\"qodef-pli-text-holder\" >\n\t<div class=\"qodef-pli-text-wrapper\">\n\t\t<div class=\"qodef-pli-text\">\n\t\t\t\t<h4 itemprop=\"name\" class=\"qodef-pli-title entry-title\" >\n\t\t<span>Pedralbes House<\/span>\n\t<\/h4>\n\n\t\t\t\n\t\t\t\n\t\t\t\n                    <\/div>\n\t<\/div>\n<\/div>\n\t\t<a itemprop=\"url\" class=\"qodef-pli-link qodef-block-drag-link\" href=\"https:\/\/www.b-ar.eu\/index.php\/en\/portfolio-item\/pedralbes-house\/\" target=\"_self\"><\/a>\n\t<\/div>\n<\/article><article class=\"qodef-pl-item qodef-item-space  post-5736 portfolio-item type-portfolio-item status-publish has-post-thumbnail hentry portfolio-category-top2 qodef-pi-small-9637\"  data-item-class=\"qodef-pi-small-9637\">\n\t<div class=\"qodef-pl-item-inner\">\n\t\t<div class=\"qodef-pli-image\">\n\t<img loading=\"lazy\" decoding=\"async\" width=\"1920\" height=\"1440\" src=\"https:\/\/www.b-ar.eu\/wp-content\/uploads\/2023\/07\/PORTADA.jpg\" class=\"attachment-full size-full wp-post-image\" alt=\"\" srcset=\"https:\/\/www.b-ar.eu\/wp-content\/uploads\/2023\/07\/PORTADA.jpg 1920w, https:\/\/www.b-ar.eu\/wp-content\/uploads\/2023\/07\/PORTADA-300x225.jpg 300w, https:\/\/www.b-ar.eu\/wp-content\/uploads\/2023\/07\/PORTADA-1024x768.jpg 1024w, https:\/\/www.b-ar.eu\/wp-content\/uploads\/2023\/07\/PORTADA-768x576.jpg 768w, https:\/\/www.b-ar.eu\/wp-content\/uploads\/2023\/07\/PORTADA-1536x1152.jpg 1536w\" sizes=\"(max-width: 1920px) 100vw, 1920px\" \/>    <\/div>\n<div class=\"qodef-pli-text-holder\" >\n\t<div class=\"qodef-pli-text-wrapper\">\n\t\t<div class=\"qodef-pli-text\">\n\t\t\t\t<h4 itemprop=\"name\" class=\"qodef-pli-title entry-title\" >\n\t\t<span>Casa en Pedralbes<\/span>\n\t<\/h4>\n\n\t\t\t\n\t\t\t\n\t\t\t\n                    <\/div>\n\t<\/div>\n<\/div>\n\t\t<a itemprop=\"url\" class=\"qodef-pli-link qodef-block-drag-link\" href=\"https:\/\/www.b-ar.eu\/index.php\/es\/portfolio-item\/casa-en-pedralbes\/\" target=\"_self\"><\/a>\n\t<\/div>\n<\/article><article class=\"qodef-pl-item qodef-item-space  post-5722 portfolio-item type-portfolio-item status-publish has-post-thumbnail hentry portfolio-category-top qodef-pi-small-3283\"  data-item-class=\"qodef-pi-small-3283\">\n\t<div class=\"qodef-pl-item-inner\">\n\t\t<div class=\"qodef-pli-image\">\n\t<img loading=\"lazy\" decoding=\"async\" width=\"1920\" height=\"1440\" src=\"https:\/\/www.b-ar.eu\/wp-content\/uploads\/2023\/07\/PORTADA.jpg\" class=\"attachment-full size-full wp-post-image\" alt=\"\" srcset=\"https:\/\/www.b-ar.eu\/wp-content\/uploads\/2023\/07\/PORTADA.jpg 1920w, https:\/\/www.b-ar.eu\/wp-content\/uploads\/2023\/07\/PORTADA-300x225.jpg 300w, https:\/\/www.b-ar.eu\/wp-content\/uploads\/2023\/07\/PORTADA-1024x768.jpg 1024w, https:\/\/www.b-ar.eu\/wp-content\/uploads\/2023\/07\/PORTADA-768x576.jpg 768w, https:\/\/www.b-ar.eu\/wp-content\/uploads\/2023\/07\/PORTADA-1536x1152.jpg 1536w\" sizes=\"(max-width: 1920px) 100vw, 1920px\" \/>    <\/div>\n<div class=\"qodef-pli-text-holder\" >\n\t<div class=\"qodef-pli-text-wrapper\">\n\t\t<div class=\"qodef-pli-text\">\n\t\t\t\t<h4 itemprop=\"name\" class=\"qodef-pli-title entry-title\" >\n\t\t<span>Casa a Pedralbes<\/span>\n\t<\/h4>\n\n\t\t\t\n\t\t\t\n\t\t\t\n                    <\/div>\n\t<\/div>\n<\/div>\n\t\t<a itemprop=\"url\" class=\"qodef-pli-link qodef-block-drag-link\" href=\"https:\/\/www.b-ar.eu\/index.php\/portfolio-item\/casa-a-pedralbes\/\" target=\"_self\"><\/a>\n\t<\/div>\n<\/article><article class=\"qodef-pl-item qodef-item-space  post-5523 portfolio-item type-portfolio-item status-publish has-post-thumbnail hentry portfolio-category-top3 qodef-pi-small-4632\"  data-item-class=\"qodef-pi-small-4632\">\n\t<div class=\"qodef-pl-item-inner\">\n\t\t<div class=\"qodef-pli-image\">\n\t<img loading=\"lazy\" decoding=\"async\" width=\"1920\" height=\"1440\" src=\"https:\/\/www.b-ar.eu\/wp-content\/uploads\/2023\/06\/P99-portada-1.jpg\" class=\"attachment-full size-full wp-post-image\" alt=\"\" srcset=\"https:\/\/www.b-ar.eu\/wp-content\/uploads\/2023\/06\/P99-portada-1.jpg 1920w, https:\/\/www.b-ar.eu\/wp-content\/uploads\/2023\/06\/P99-portada-1-300x225.jpg 300w, https:\/\/www.b-ar.eu\/wp-content\/uploads\/2023\/06\/P99-portada-1-1024x768.jpg 1024w, https:\/\/www.b-ar.eu\/wp-content\/uploads\/2023\/06\/P99-portada-1-768x576.jpg 768w, https:\/\/www.b-ar.eu\/wp-content\/uploads\/2023\/06\/P99-portada-1-1536x1152.jpg 1536w\" sizes=\"(max-width: 1920px) 100vw, 1920px\" \/>    <\/div>\n<div class=\"qodef-pli-text-holder\" >\n\t<div class=\"qodef-pli-text-wrapper\">\n\t\t<div class=\"qodef-pli-text\">\n\t\t\t\t<h4 itemprop=\"name\" class=\"qodef-pli-title entry-title\" >\n\t\t<span>P99 Spaces<\/span>\n\t<\/h4>\n\n\t\t\t\n\t\t\t\n\t\t\t\n                    <\/div>\n\t<\/div>\n<\/div>\n\t\t<a itemprop=\"url\" class=\"qodef-pli-link qodef-block-drag-link\" href=\"https:\/\/www.b-ar.eu\/index.php\/en\/portfolio-item\/p99-professional-spaces\/\" target=\"_self\"><\/a>\n\t<\/div>\n<\/article><article class=\"qodef-pl-item qodef-item-space  post-5522 portfolio-item type-portfolio-item status-publish has-post-thumbnail hentry portfolio-category-top2 qodef-pi-small-6590\"  data-item-class=\"qodef-pi-small-6590\">\n\t<div class=\"qodef-pl-item-inner\">\n\t\t<div class=\"qodef-pli-image\">\n\t<img loading=\"lazy\" decoding=\"async\" width=\"1920\" height=\"1440\" src=\"https:\/\/www.b-ar.eu\/wp-content\/uploads\/2023\/06\/P99-portada-1.jpg\" class=\"attachment-full size-full wp-post-image\" alt=\"\" srcset=\"https:\/\/www.b-ar.eu\/wp-content\/uploads\/2023\/06\/P99-portada-1.jpg 1920w, https:\/\/www.b-ar.eu\/wp-content\/uploads\/2023\/06\/P99-portada-1-300x225.jpg 300w, https:\/\/www.b-ar.eu\/wp-content\/uploads\/2023\/06\/P99-portada-1-1024x768.jpg 1024w, https:\/\/www.b-ar.eu\/wp-content\/uploads\/2023\/06\/P99-portada-1-768x576.jpg 768w, https:\/\/www.b-ar.eu\/wp-content\/uploads\/2023\/06\/P99-portada-1-1536x1152.jpg 1536w\" sizes=\"(max-width: 1920px) 100vw, 1920px\" \/>    <\/div>\n<div class=\"qodef-pli-text-holder\" >\n\t<div class=\"qodef-pli-text-wrapper\">\n\t\t<div class=\"qodef-pli-text\">\n\t\t\t\t<h4 itemprop=\"name\" class=\"qodef-pli-title entry-title\" >\n\t\t<span>P99 Spaces<\/span>\n\t<\/h4>\n\n\t\t\t\n\t\t\t\n\t\t\t\n                    <\/div>\n\t<\/div>\n<\/div>\n\t\t<a itemprop=\"url\" class=\"qodef-pli-link qodef-block-drag-link\" href=\"https:\/\/www.b-ar.eu\/index.php\/es\/portfolio-item\/p99-espacios-profesionales\/\" target=\"_self\"><\/a>\n\t<\/div>\n<\/article><article class=\"qodef-pl-item qodef-item-space  post-5515 portfolio-item type-portfolio-item status-publish has-post-thumbnail hentry portfolio-category-top qodef-pi-small-3899\"  data-item-class=\"qodef-pi-small-3899\">\n\t<div class=\"qodef-pl-item-inner\">\n\t\t<div class=\"qodef-pli-image\">\n\t<img loading=\"lazy\" decoding=\"async\" width=\"1920\" height=\"1440\" src=\"https:\/\/www.b-ar.eu\/wp-content\/uploads\/2023\/06\/P99-portada-1.jpg\" class=\"attachment-full size-full wp-post-image\" alt=\"\" srcset=\"https:\/\/www.b-ar.eu\/wp-content\/uploads\/2023\/06\/P99-portada-1.jpg 1920w, https:\/\/www.b-ar.eu\/wp-content\/uploads\/2023\/06\/P99-portada-1-300x225.jpg 300w, https:\/\/www.b-ar.eu\/wp-content\/uploads\/2023\/06\/P99-portada-1-1024x768.jpg 1024w, https:\/\/www.b-ar.eu\/wp-content\/uploads\/2023\/06\/P99-portada-1-768x576.jpg 768w, https:\/\/www.b-ar.eu\/wp-content\/uploads\/2023\/06\/P99-portada-1-1536x1152.jpg 1536w\" sizes=\"(max-width: 1920px) 100vw, 1920px\" \/>    <\/div>\n<div class=\"qodef-pli-text-holder\" >\n\t<div class=\"qodef-pli-text-wrapper\">\n\t\t<div class=\"qodef-pli-text\">\n\t\t\t\t<h4 itemprop=\"name\" class=\"qodef-pli-title entry-title\" >\n\t\t<span>P99 Spaces<\/span>\n\t<\/h4>\n\n\t\t\t\n\t\t\t\n\t\t\t\n                    <\/div>\n\t<\/div>\n<\/div>\n\t\t<a itemprop=\"url\" class=\"qodef-pli-link qodef-block-drag-link\" href=\"https:\/\/www.b-ar.eu\/index.php\/portfolio-item\/p99-espais-professionals\/\" target=\"_self\"><\/a>\n\t<\/div>\n<\/article><article class=\"qodef-pl-item qodef-item-space  post-5484 portfolio-item type-portfolio-item status-publish has-post-thumbnail hentry portfolio-category-top2 qodef-pi-small-5069\"  data-item-class=\"qodef-pi-small-5069\">\n\t<div class=\"qodef-pl-item-inner\">\n\t\t<div class=\"qodef-pli-image\">\n\t<img loading=\"lazy\" decoding=\"async\" width=\"1920\" height=\"1440\" src=\"https:\/\/www.b-ar.eu\/wp-content\/uploads\/2020\/03\/bAR_goya_01_p.jpg\" class=\"attachment-full size-full wp-post-image\" alt=\"\" srcset=\"https:\/\/www.b-ar.eu\/wp-content\/uploads\/2020\/03\/bAR_goya_01_p.jpg 1920w, https:\/\/www.b-ar.eu\/wp-content\/uploads\/2020\/03\/bAR_goya_01_p-300x225.jpg 300w, https:\/\/www.b-ar.eu\/wp-content\/uploads\/2020\/03\/bAR_goya_01_p-1024x768.jpg 1024w, https:\/\/www.b-ar.eu\/wp-content\/uploads\/2020\/03\/bAR_goya_01_p-768x576.jpg 768w, https:\/\/www.b-ar.eu\/wp-content\/uploads\/2020\/03\/bAR_goya_01_p-1536x1152.jpg 1536w\" sizes=\"(max-width: 1920px) 100vw, 1920px\" \/>    <\/div>\n<div class=\"qodef-pli-text-holder\" >\n\t<div class=\"qodef-pli-text-wrapper\">\n\t\t<div class=\"qodef-pli-text\">\n\t\t\t\t<h4 itemprop=\"name\" class=\"qodef-pli-title entry-title\" >\n\t\t<span>Teatre Goya de Barcelona<\/span>\n\t<\/h4>\n\n\t\t\t\n\t\t\t\n\t\t\t\n                    <\/div>\n\t<\/div>\n<\/div>\n\t\t<a itemprop=\"url\" class=\"qodef-pli-link qodef-block-drag-link\" href=\"https:\/\/www.b-ar.eu\/index.php\/es\/portfolio-item\/teatre-goya-de-barcelona\/\" target=\"_self\"><\/a>\n\t<\/div>\n<\/article><article class=\"qodef-pl-item qodef-item-space  post-5213 portfolio-item type-portfolio-item status-publish has-post-thumbnail hentry portfolio-category-top qodef-pi-small-5283\"  data-item-class=\"qodef-pi-small-5283\">\n\t<div class=\"qodef-pl-item-inner\">\n\t\t<div class=\"qodef-pli-image\">\n\t<img loading=\"lazy\" decoding=\"async\" width=\"1920\" height=\"1440\" src=\"https:\/\/www.b-ar.eu\/wp-content\/uploads\/2020\/03\/bAR_goya_01_p.jpg\" class=\"attachment-full size-full wp-post-image\" alt=\"\" srcset=\"https:\/\/www.b-ar.eu\/wp-content\/uploads\/2020\/03\/bAR_goya_01_p.jpg 1920w, https:\/\/www.b-ar.eu\/wp-content\/uploads\/2020\/03\/bAR_goya_01_p-300x225.jpg 300w, https:\/\/www.b-ar.eu\/wp-content\/uploads\/2020\/03\/bAR_goya_01_p-1024x768.jpg 1024w, https:\/\/www.b-ar.eu\/wp-content\/uploads\/2020\/03\/bAR_goya_01_p-768x576.jpg 768w, https:\/\/www.b-ar.eu\/wp-content\/uploads\/2020\/03\/bAR_goya_01_p-1536x1152.jpg 1536w\" sizes=\"(max-width: 1920px) 100vw, 1920px\" \/>    <\/div>\n<div class=\"qodef-pli-text-holder\" >\n\t<div class=\"qodef-pli-text-wrapper\">\n\t\t<div class=\"qodef-pli-text\">\n\t\t\t\t<h4 itemprop=\"name\" class=\"qodef-pli-title entry-title\" >\n\t\t<span>Teatre Goya de Barcelona<\/span>\n\t<\/h4>\n\n\t\t\t\n\t\t\t\n\t\t\t\n                    <\/div>\n\t<\/div>\n<\/div>\n\t\t<a itemprop=\"url\" class=\"qodef-pli-link qodef-block-drag-link\" href=\"https:\/\/www.b-ar.eu\/index.php\/portfolio-item\/teatre-goya\/\" target=\"_self\"><\/a>\n\t<\/div>\n<\/article><article class=\"qodef-pl-item qodef-item-space  post-5485 portfolio-item type-portfolio-item status-publish has-post-thumbnail hentry portfolio-category-top3 qodef-pi-small-5421\"  data-item-class=\"qodef-pi-small-5421\">\n\t<div class=\"qodef-pl-item-inner\">\n\t\t<div class=\"qodef-pli-image\">\n\t<img loading=\"lazy\" decoding=\"async\" width=\"1920\" height=\"1440\" src=\"https:\/\/www.b-ar.eu\/wp-content\/uploads\/2020\/03\/bAR_goya_01_p.jpg\" class=\"attachment-full size-full wp-post-image\" alt=\"\" srcset=\"https:\/\/www.b-ar.eu\/wp-content\/uploads\/2020\/03\/bAR_goya_01_p.jpg 1920w, https:\/\/www.b-ar.eu\/wp-content\/uploads\/2020\/03\/bAR_goya_01_p-300x225.jpg 300w, https:\/\/www.b-ar.eu\/wp-content\/uploads\/2020\/03\/bAR_goya_01_p-1024x768.jpg 1024w, https:\/\/www.b-ar.eu\/wp-content\/uploads\/2020\/03\/bAR_goya_01_p-768x576.jpg 768w, https:\/\/www.b-ar.eu\/wp-content\/uploads\/2020\/03\/bAR_goya_01_p-1536x1152.jpg 1536w\" sizes=\"(max-width: 1920px) 100vw, 1920px\" \/>    <\/div>\n<div class=\"qodef-pli-text-holder\" >\n\t<div class=\"qodef-pli-text-wrapper\">\n\t\t<div class=\"qodef-pli-text\">\n\t\t\t\t<h4 itemprop=\"name\" class=\"qodef-pli-title entry-title\" >\n\t\t<span>Barcelona&#8217;s Teatre Goya<\/span>\n\t<\/h4>\n\n\t\t\t\n\t\t\t\n\t\t\t\n                    <\/div>\n\t<\/div>\n<\/div>\n\t\t<a itemprop=\"url\" class=\"qodef-pli-link qodef-block-drag-link\" href=\"https:\/\/www.b-ar.eu\/index.php\/en\/portfolio-item\/barcelonas-teatre-goya\/\" target=\"_self\"><\/a>\n\t<\/div>\n<\/article>\t<\/div>\n\t\n\t<\/div>[vc_empty_space height=\u00bb60px\u00bb]<a itemprop=\"url\" href=\"http:\/\/www.b-ar.eu\/index.php\/es\/home-espanol\/proyectos\/\" target=\"_self\"  class=\"qodef-btn qodef-btn-medium qodef-btn-simple qodef-btn-icon qodef-btn-underlined\"  >\n\t    <span class=\"qodef-btn-text\">M\u00e1s proyectos<\/span>\n    <span aria-hidden=\"true\" class=\"qodef-icon-font-elegant arrow_carrot-right \" ><\/span><\/a>[\/vc_column_inner][\/vc_row_inner][\/vc_column][\/vc_row][vc_row row_content_width=\u00bbgrid\u00bb content_text_aligment=\u00bbcenter\u00bb css=\u00bb.vc_custom_1593690751808{padding-top: 120px !important;padding-bottom: 30px !important;}\u00bb anchor=\u00bbequipo\u00bb][vc_column]<div class=\"qodef-elements-holder   qodef-one-column  qodef-responsive-mode-768 \" ><div class=\"qodef-eh-item    \"  data-item-class=\"qodef-eh-custom-2258\" data-1025-1366=\"0 15%\" data-769-1024=\"0 0\" data-681-768=\"0 8%\" data-680=\"0 0\">\n\t<div class=\"qodef-eh-item-inner\">\n\t\t<div class=\"qodef-eh-item-content qodef-eh-custom-2258\" style=\"padding: 0 18%\">\n\t\t\t<div class=\"qodef-section-title-holder  qodef-st-standard qodef-st-title-left qodef-st-normal-space \" >\n\t<div class=\"qodef-st-inner\">\n\t\t\t\t\t\t\t<h2 class=\"qodef-st-title\" >\n\t\t\t\tEquipo\t\t\t<\/h2>\n\t\t\t\t\t<\/div>\n<\/div>\t\t<\/div>\n\t<\/div>\n<\/div><\/div>[\/vc_column][\/vc_row][vc_row gap=\u00bb15&#8243; row_content_width=\u00bbgrid\u00bb css=\u00bb.vc_custom_1593690772828{padding-top: 30px !important;padding-bottom: 30px !important;}\u00bb][vc_column width=\u00bb1\/3&#8243; css=\u00bb.vc_custom_1589109295492{padding-right: 0px !important;padding-bottom: 40px !important;padding-left: 0px !important;}\u00bb]<div class=\"qodef-team-holder qodef-team-info-below-image\">\n\t<div class=\"qodef-team-inner\">\n\t\t\t\t\t<div class=\"qodef-team-image\">\n                <img loading=\"lazy\" decoding=\"async\" width=\"600\" height=\"600\" src=\"https:\/\/www.b-ar.eu\/wp-content\/uploads\/2020\/05\/bAR_equip_toni.jpg\" class=\"attachment-full size-full\" alt=\"\" srcset=\"https:\/\/www.b-ar.eu\/wp-content\/uploads\/2020\/05\/bAR_equip_toni.jpg 600w, https:\/\/www.b-ar.eu\/wp-content\/uploads\/2020\/05\/bAR_equip_toni-300x300.jpg 300w, https:\/\/www.b-ar.eu\/wp-content\/uploads\/2020\/05\/bAR_equip_toni-150x150.jpg 150w\" sizes=\"(max-width: 600px) 100vw, 600px\" \/>\t\t\t<\/div>\n\t\t\t\t<div class=\"qodef-team-info\">\n\t\t\t\t\t\t\t<h4 class=\"qodef-team-name\" >Toni Barnadas Molins<\/h4>\n\t\t\t\t\t\t\t\t\t\t<h6 class=\"qodef-team-position\" >Dise\u00f1ador Industrial y Proyectista<\/h6>\n\t\t\t\t\t\t\t\t\t            \t\t<\/div>\n\t<\/div>\n<\/div>[\/vc_column][vc_column width=\u00bb1\/3&#8243; css=\u00bb.vc_custom_1726562804433{padding-right: 0px !important;padding-bottom: 40px !important;padding-left: 0px !important;}\u00bb]<div class=\"qodef-team-holder qodef-team-info-below-image\">\n\t<div class=\"qodef-team-inner\">\n\t\t\t\t\t<div class=\"qodef-team-image\">\n                <img loading=\"lazy\" decoding=\"async\" width=\"873\" height=\"873\" src=\"https:\/\/www.b-ar.eu\/wp-content\/uploads\/2024\/09\/Foto-JFG-web-V2-RED.jpg\" class=\"attachment-full size-full\" alt=\"\" srcset=\"https:\/\/www.b-ar.eu\/wp-content\/uploads\/2024\/09\/Foto-JFG-web-V2-RED.jpg 873w, https:\/\/www.b-ar.eu\/wp-content\/uploads\/2024\/09\/Foto-JFG-web-V2-RED-300x300.jpg 300w, https:\/\/www.b-ar.eu\/wp-content\/uploads\/2024\/09\/Foto-JFG-web-V2-RED-150x150.jpg 150w, https:\/\/www.b-ar.eu\/wp-content\/uploads\/2024\/09\/Foto-JFG-web-V2-RED-768x768.jpg 768w, https:\/\/www.b-ar.eu\/wp-content\/uploads\/2024\/09\/Foto-JFG-web-V2-RED-650x650.jpg 650w\" sizes=\"(max-width: 873px) 100vw, 873px\" \/>\t\t\t<\/div>\n\t\t\t\t<div class=\"qodef-team-info\">\n\t\t\t\t\t\t\t<h4 class=\"qodef-team-name\" >Joan Francesc Garc\u00eda Beltr\u00e1n<\/h4>\n\t\t\t\t\t\t\t\t\t\t<h6 class=\"qodef-team-position\" >Arquitecto consultor de estructuras<\/h6>\n\t\t\t\t\t\t\t\t\t                            <div class=\"qodef-team-social-text-holder\">\n                                                                            <\/div>\n            \t\t<\/div>\n\t<\/div>\n<\/div>[\/vc_column][vc_column width=\u00bb1\/3&#8243; css=\u00bb.vc_custom_1589109322260{padding-right: 0px !important;padding-bottom: 40px !important;padding-left: 0px !important;}\u00bb]<div class=\"qodef-team-holder qodef-team-info-below-image\">\n\t<div class=\"qodef-team-inner\">\n\t\t\t\t\t<div class=\"qodef-team-image\">\n                <img loading=\"lazy\" decoding=\"async\" width=\"600\" height=\"600\" src=\"https:\/\/www.b-ar.eu\/wp-content\/uploads\/2020\/05\/bAR_equip_patricia.jpg\" class=\"attachment-full size-full\" alt=\"\" srcset=\"https:\/\/www.b-ar.eu\/wp-content\/uploads\/2020\/05\/bAR_equip_patricia.jpg 600w, https:\/\/www.b-ar.eu\/wp-content\/uploads\/2020\/05\/bAR_equip_patricia-300x300.jpg 300w, https:\/\/www.b-ar.eu\/wp-content\/uploads\/2020\/05\/bAR_equip_patricia-150x150.jpg 150w\" sizes=\"(max-width: 600px) 100vw, 600px\" \/>\t\t\t<\/div>\n\t\t\t\t<div class=\"qodef-team-info\">\n\t\t\t\t\t\t\t<h4 class=\"qodef-team-name\" >Patricia Vicario Pereda<\/h4>\n\t\t\t\t\t\t\t\t\t\t<h6 class=\"qodef-team-position\" >Arquitecta<\/h6>\n\t\t\t\t\t\t\t\t\t            \t\t<\/div>\n\t<\/div>\n<\/div>[\/vc_column][\/vc_row][vc_row content_placement=\u00bbtop\u00bb content_text_aligment=\u00bbcenter\u00bb css=\u00bb.vc_custom_1593690778177{padding-top: 0px !important;padding-bottom: 120px !important;}\u00bb][vc_column]<a itemprop=\"url\" href=\"http:\/\/www.b-ar.eu\/index.php\/es\/home-espanol\/equipo\/\" target=\"_self\"  class=\"qodef-btn qodef-btn-medium qodef-btn-simple qodef-btn-icon qodef-btn-underlined\"  >\n\t    <span class=\"qodef-btn-text\">M\u00e1s sobre nosotros<\/span>\n    <span aria-hidden=\"true\" class=\"qodef-icon-font-elegant arrow_carrot-right \" ><\/span><\/a>[\/vc_column][\/vc_row]<\/p>\n","protected":false},"excerpt":{"rendered":"<p>[vc_row][vc_column offset=\u00bbvc_hidden-lg vc_hidden-md\u00bb css=\u00bb.vc_custom_1588439198289{padding-top: 60px !important;padding-bottom: 120px !important;}\u00bb][\/vc_column][\/vc_row][vc_row disable_element=\u00bbyes\u00bb row_content_width=\u00bbgrid\u00bb][vc_column offset=\u00bbvc_hidden-sm vc_hidden-xs\u00bb css=\u00bb.vc_custom_1588439216844{padding-top: 60px !important;padding-bottom: 120px !important;}\u00bb][\/vc_column][\/vc_row][vc_row][vc_column css=\u00bb.vc_custom_1592925836379{padding-bottom: 120px !important;}\u00bb offset=\u00bbvc_hidden-sm vc_hidden-xs\u00bb][\/vc_column][\/vc_row][vc_row row_content_width=\u00bbgrid\u00bb anchor=\u00bbbAR\u00bb][vc_column offset=\u00bbvc_hidden-lg vc_hidden-md\u00bb][vc_column_text] bAR Arquitectura i Disseny nace en Barcelona en 1987. Es una consultor\u00eda multidisciplinar que [&hellip;]<\/p>\n","protected":false},"author":1,"featured_media":0,"parent":0,"menu_order":0,"comment_status":"closed","ping_status":"closed","template":"full-width.php","meta":{"footnotes":""},"yoast_head":"<!-- This site is optimized with the Yoast SEO plugin v22.4 - https:\/\/yoast.com\/wordpress\/plugins\/seo\/ -->\n<title>Home - Espa\u00f1ol - bAR<\/title>\n<meta name=\"robots\" content=\"index, follow, max-snippet:-1, max-image-preview:large, max-video-preview:-1\" \/>\n<link rel=\"canonical\" href=\"https:\/\/www.b-ar.eu\/index.php\/es\/home-espanol\/\" \/>\n<meta property=\"og:locale\" content=\"es_ES\" \/>\n<meta property=\"og:type\" content=\"article\" \/>\n<meta property=\"og:title\" content=\"Home - Espa\u00f1ol - bAR\" \/>\n<meta property=\"og:description\" content=\"[vc_row][vc_column offset=\u00bbvc_hidden-lg vc_hidden-md\u00bb css=\u00bb.vc_custom_1588439198289{padding-top: 60px !important;padding-bottom: 120px !important;}\u00bb][\/vc_column][\/vc_row][vc_row disable_element=\u00bbyes\u00bb row_content_width=\u00bbgrid\u00bb][vc_column offset=\u00bbvc_hidden-sm vc_hidden-xs\u00bb css=\u00bb.vc_custom_1588439216844{padding-top: 60px !important;padding-bottom: 120px !important;}\u00bb][\/vc_column][\/vc_row][vc_row][vc_column css=\u00bb.vc_custom_1592925836379{padding-bottom: 120px !important;}\u00bb offset=\u00bbvc_hidden-sm vc_hidden-xs\u00bb][\/vc_column][\/vc_row][vc_row row_content_width=\u00bbgrid\u00bb anchor=\u00bbbAR\u00bb][vc_column offset=\u00bbvc_hidden-lg vc_hidden-md\u00bb][vc_column_text] bAR Arquitectura i Disseny nace en Barcelona en 1987. Es una consultor\u00eda multidisciplinar que [&hellip;]\" \/>\n<meta property=\"og:url\" content=\"https:\/\/www.b-ar.eu\/index.php\/es\/home-espanol\/\" \/>\n<meta property=\"og:site_name\" content=\"bAR\" \/>\n<meta property=\"article:modified_time\" content=\"2025-12-22T11:29:02+00:00\" \/>\n<meta name=\"twitter:card\" content=\"summary_large_image\" \/>\n<meta name=\"twitter:label1\" content=\"Tiempo de lectura\" \/>\n\t<meta name=\"twitter:data1\" content=\"4 minutos\" \/>\n<script type=\"application\/ld+json\" class=\"yoast-schema-graph\">{\"@context\":\"https:\/\/schema.org\",\"@graph\":[{\"@type\":\"WebPage\",\"@id\":\"https:\/\/www.b-ar.eu\/index.php\/es\/home-espanol\/\",\"url\":\"https:\/\/www.b-ar.eu\/index.php\/es\/home-espanol\/\",\"name\":\"Home - Espa\u00f1ol - bAR\",\"isPartOf\":{\"@id\":\"https:\/\/www.b-ar.eu\/#website\"},\"datePublished\":\"2020-05-31T12:06:09+00:00\",\"dateModified\":\"2025-12-22T11:29:02+00:00\",\"breadcrumb\":{\"@id\":\"https:\/\/www.b-ar.eu\/index.php\/es\/home-espanol\/#breadcrumb\"},\"inLanguage\":\"es\",\"potentialAction\":[{\"@type\":\"ReadAction\",\"target\":[\"https:\/\/www.b-ar.eu\/index.php\/es\/home-espanol\/\"]}]},{\"@type\":\"BreadcrumbList\",\"@id\":\"https:\/\/www.b-ar.eu\/index.php\/es\/home-espanol\/#breadcrumb\",\"itemListElement\":[{\"@type\":\"ListItem\",\"position\":1,\"name\":\"Home\",\"item\":\"https:\/\/www.b-ar.eu\/\"},{\"@type\":\"ListItem\",\"position\":2,\"name\":\"Home &#8211; Espa\u00f1ol\"}]},{\"@type\":\"WebSite\",\"@id\":\"https:\/\/www.b-ar.eu\/#website\",\"url\":\"https:\/\/www.b-ar.eu\/\",\"name\":\"bAR\",\"description\":\"Arquitectura i Disseny\",\"potentialAction\":[{\"@type\":\"SearchAction\",\"target\":{\"@type\":\"EntryPoint\",\"urlTemplate\":\"https:\/\/www.b-ar.eu\/?s={search_term_string}\"},\"query-input\":\"required name=search_term_string\"}],\"inLanguage\":\"es\"}]}<\/script>\n<!-- \/ Yoast SEO plugin. -->","yoast_head_json":{"title":"Home - Espa\u00f1ol - bAR","robots":{"index":"index","follow":"follow","max-snippet":"max-snippet:-1","max-image-preview":"max-image-preview:large","max-video-preview":"max-video-preview:-1"},"canonical":"https:\/\/www.b-ar.eu\/index.php\/es\/home-espanol\/","og_locale":"es_ES","og_type":"article","og_title":"Home - Espa\u00f1ol - bAR","og_description":"[vc_row][vc_column offset=\u00bbvc_hidden-lg vc_hidden-md\u00bb css=\u00bb.vc_custom_1588439198289{padding-top: 60px !important;padding-bottom: 120px !important;}\u00bb][\/vc_column][\/vc_row][vc_row disable_element=\u00bbyes\u00bb row_content_width=\u00bbgrid\u00bb][vc_column offset=\u00bbvc_hidden-sm vc_hidden-xs\u00bb css=\u00bb.vc_custom_1588439216844{padding-top: 60px !important;padding-bottom: 120px !important;}\u00bb][\/vc_column][\/vc_row][vc_row][vc_column css=\u00bb.vc_custom_1592925836379{padding-bottom: 120px !important;}\u00bb offset=\u00bbvc_hidden-sm vc_hidden-xs\u00bb][\/vc_column][\/vc_row][vc_row row_content_width=\u00bbgrid\u00bb anchor=\u00bbbAR\u00bb][vc_column offset=\u00bbvc_hidden-lg vc_hidden-md\u00bb][vc_column_text] bAR Arquitectura i Disseny nace en Barcelona en 1987. Es una consultor\u00eda multidisciplinar que [&hellip;]","og_url":"https:\/\/www.b-ar.eu\/index.php\/es\/home-espanol\/","og_site_name":"bAR","article_modified_time":"2025-12-22T11:29:02+00:00","twitter_card":"summary_large_image","twitter_misc":{"Tiempo de lectura":"4 minutos"},"schema":{"@context":"https:\/\/schema.org","@graph":[{"@type":"WebPage","@id":"https:\/\/www.b-ar.eu\/index.php\/es\/home-espanol\/","url":"https:\/\/www.b-ar.eu\/index.php\/es\/home-espanol\/","name":"Home - Espa\u00f1ol - bAR","isPartOf":{"@id":"https:\/\/www.b-ar.eu\/#website"},"datePublished":"2020-05-31T12:06:09+00:00","dateModified":"2025-12-22T11:29:02+00:00","breadcrumb":{"@id":"https:\/\/www.b-ar.eu\/index.php\/es\/home-espanol\/#breadcrumb"},"inLanguage":"es","potentialAction":[{"@type":"ReadAction","target":["https:\/\/www.b-ar.eu\/index.php\/es\/home-espanol\/"]}]},{"@type":"BreadcrumbList","@id":"https:\/\/www.b-ar.eu\/index.php\/es\/home-espanol\/#breadcrumb","itemListElement":[{"@type":"ListItem","position":1,"name":"Home","item":"https:\/\/www.b-ar.eu\/"},{"@type":"ListItem","position":2,"name":"Home &#8211; Espa\u00f1ol"}]},{"@type":"WebSite","@id":"https:\/\/www.b-ar.eu\/#website","url":"https:\/\/www.b-ar.eu\/","name":"bAR","description":"Arquitectura i Disseny","potentialAction":[{"@type":"SearchAction","target":{"@type":"EntryPoint","urlTemplate":"https:\/\/www.b-ar.eu\/?s={search_term_string}"},"query-input":"required name=search_term_string"}],"inLanguage":"es"}]}},"_links":{"self":[{"href":"https:\/\/www.b-ar.eu\/index.php\/wp-json\/wp\/v2\/pages\/5898"}],"collection":[{"href":"https:\/\/www.b-ar.eu\/index.php\/wp-json\/wp\/v2\/pages"}],"about":[{"href":"https:\/\/www.b-ar.eu\/index.php\/wp-json\/wp\/v2\/types\/page"}],"author":[{"embeddable":true,"href":"https:\/\/www.b-ar.eu\/index.php\/wp-json\/wp\/v2\/users\/1"}],"replies":[{"embeddable":true,"href":"https:\/\/www.b-ar.eu\/index.php\/wp-json\/wp\/v2\/comments?post=5898"}],"version-history":[{"count":25,"href":"https:\/\/www.b-ar.eu\/index.php\/wp-json\/wp\/v2\/pages\/5898\/revisions"}],"predecessor-version":[{"id":7282,"href":"https:\/\/www.b-ar.eu\/index.php\/wp-json\/wp\/v2\/pages\/5898\/revisions\/7282"}],"wp:attachment":[{"href":"https:\/\/www.b-ar.eu\/index.php\/wp-json\/wp\/v2\/media?parent=5898"}],"curies":[{"name":"wp","href":"https:\/\/api.w.org\/{rel}","templated":true}]}}